{"id":86,"date":"2022-02-19T06:15:08","date_gmt":"2022-02-19T06:15:08","guid":{"rendered":"http:\/\/ploen.aida-kosmetik.de\/?page_id=86"},"modified":"2026-02-02T13:39:29","modified_gmt":"2026-02-02T13:39:29","slug":"willkommen-bei-aida-kosmetik-med-fusspflege","status":"publish","type":"page","link":"http:\/\/ploen.aida-kosmetik.de\/","title":{"rendered":"Willkommen bei Aida Kosmetik &#038; Med. Fu\u00dfpflege"},"content":{"rendered":"\n<figure class=\"wp-block-image size-large\"><img decoding=\"async\" loading=\"lazy\" width=\"1024\" height=\"768\" src=\"http:\/\/ploen.aida-kosmetik.de\/wp-content\/uploads\/2016\/05\/IMG_5136-1024x768.jpg\" alt=\"\" class=\"wp-image-10\" srcset=\"http:\/\/ploen.aida-kosmetik.de\/wp-content\/uploads\/2016\/05\/IMG_5136-1024x768.jpg 1024w, http:\/\/ploen.aida-kosmetik.de\/wp-content\/uploads\/2016\/05\/IMG_5136-300x225.jpg 300w, http:\/\/ploen.aida-kosmetik.de\/wp-content\/uploads\/2016\/05\/IMG_5136-768x576.jpg 768w\" sizes=\"(max-width: 706px) 89vw, (max-width: 767px) 82vw, 740px\" \/><\/figure>\n\n\n\n<p><em><strong>Die Aida Kosmetik wurde 1998 gegr\u00fcndet.<\/strong><\/em><\/p>\n\n\n\n<p><em>Durch Ihre Nat\u00fcrlichkeit, F\u00fcrsorge und&nbsp;Freundlichkeit sind sie bei Ihren Kunden&nbsp;sehr beliebt und sie wissen ihre professionelle Arbeit zu sch\u00e4tzen.<\/em><\/p>\n\n\n\n<hr class=\"wp-block-separator has-css-opacity is-style-wide\"\/>\n\n\n\n<div style=\"height:50px\" aria-hidden=\"true\" class=\"wp-block-spacer\"><\/div>\n\n\n\n<figure class=\"wp-block-image size-large\"><img decoding=\"async\" loading=\"lazy\" width=\"1024\" height=\"768\" src=\"http:\/\/ploen.aida-kosmetik.de\/wp-content\/uploads\/2020\/05\/IMG_0306-1-1024x768.jpg\" alt=\"\" class=\"wp-image-30\" srcset=\"http:\/\/ploen.aida-kosmetik.de\/wp-content\/uploads\/2020\/05\/IMG_0306-1-1024x768.jpg 1024w, http:\/\/ploen.aida-kosmetik.de\/wp-content\/uploads\/2020\/05\/IMG_0306-1-300x225.jpg 300w, http:\/\/ploen.aida-kosmetik.de\/wp-content\/uploads\/2020\/05\/IMG_0306-1-768x576.jpg 768w\" sizes=\"(max-width: 706px) 89vw, (max-width: 767px) 82vw, 740px\" \/><\/figure>\n\n\n\n<p><em>Manuela Aida Sandhof&nbsp;ist ausgebildete Visagistin und Fachkosmetikerin.<\/em><br><em>Ihr Ehemann Marcel Sandhof ist&nbsp;ausgebildeter Med. Fu\u00dfpfleger.<\/em><\/p>\n\n\n\n<hr class=\"wp-block-separator has-css-opacity is-style-wide\"\/>\n\n\n\n<div style=\"height:50px\" aria-hidden=\"true\" class=\"wp-block-spacer\"><\/div>\n\n\n\n<figure class=\"wp-block-gallery has-nested-images columns-default is-cropped wp-block-gallery-1 is-layout-flex\">\n<figure class=\"wp-block-image size-large\"><img decoding=\"async\" loading=\"lazy\" width=\"1024\" height=\"768\" data-id=\"36\"  src=\"http:\/\/ploen.aida-kosmetik.de\/wp-content\/uploads\/2020\/05\/IMG_0355-1024x768.jpg\" alt=\"\" class=\"wp-image-36\" srcset=\"http:\/\/ploen.aida-kosmetik.de\/wp-content\/uploads\/2020\/05\/IMG_0355-1024x768.jpg 1024w, http:\/\/ploen.aida-kosmetik.de\/wp-content\/uploads\/2020\/05\/IMG_0355-300x225.jpg 300w, http:\/\/ploen.aida-kosmetik.de\/wp-content\/uploads\/2020\/05\/IMG_0355-768x576.jpg 768w, http:\/\/ploen.aida-kosmetik.de\/wp-content\/uploads\/2020\/05\/IMG_0355.jpg 2048w\" sizes=\"(max-width: 706px) 89vw, (max-width: 767px) 82vw, 740px\" \/><\/figure>\n\n\n\n<figure class=\"wp-block-image size-large\"><img decoding=\"async\" loading=\"lazy\" width=\"1024\" height=\"768\" data-id=\"10\"  src=\"http:\/\/ploen.aida-kosmetik.de\/wp-content\/uploads\/2016\/05\/IMG_5136-1024x768.jpg\" alt=\"\" class=\"wp-image-10\" srcset=\"http:\/\/ploen.aida-kosmetik.de\/wp-content\/uploads\/2016\/05\/IMG_5136-1024x768.jpg 1024w, http:\/\/ploen.aida-kosmetik.de\/wp-content\/uploads\/2016\/05\/IMG_5136-300x225.jpg 300w, http:\/\/ploen.aida-kosmetik.de\/wp-content\/uploads\/2016\/05\/IMG_5136-768x576.jpg 768w\" sizes=\"(max-width: 706px) 89vw, (max-width: 767px) 82vw, 740px\" \/><\/figure>\n\n\n\n<figure class=\"wp-block-image size-large\"><img decoding=\"async\" loading=\"lazy\" width=\"1024\" height=\"768\" data-id=\"24\"  src=\"http:\/\/ploen.aida-kosmetik.de\/wp-content\/uploads\/2020\/05\/IMG_0236-1024x768.jpg\" alt=\"\" class=\"wp-image-24\" srcset=\"http:\/\/ploen.aida-kosmetik.de\/wp-content\/uploads\/2020\/05\/IMG_0236-1024x768.jpg 1024w, http:\/\/ploen.aida-kosmetik.de\/wp-content\/uploads\/2020\/05\/IMG_0236-300x225.jpg 300w, http:\/\/ploen.aida-kosmetik.de\/wp-content\/uploads\/2020\/05\/IMG_0236-768x576.jpg 768w\" sizes=\"(max-width: 706px) 89vw, (max-width: 767px) 82vw, 740px\" \/><\/figure>\n\n\n\n<figure class=\"wp-block-image size-large\"><img decoding=\"async\" loading=\"lazy\" width=\"1024\" height=\"768\" data-id=\"31\"  src=\"http:\/\/ploen.aida-kosmetik.de\/wp-content\/uploads\/2020\/05\/IMG_0314-1024x768.jpg\" alt=\"\" class=\"wp-image-31\" srcset=\"http:\/\/ploen.aida-kosmetik.de\/wp-content\/uploads\/2020\/05\/IMG_0314-1024x768.jpg 1024w, http:\/\/ploen.aida-kosmetik.de\/wp-content\/uploads\/2020\/05\/IMG_0314-300x225.jpg 300w, http:\/\/ploen.aida-kosmetik.de\/wp-content\/uploads\/2020\/05\/IMG_0314-768x576.jpg 768w\" sizes=\"(max-width: 706px) 89vw, (max-width: 767px) 82vw, 740px\" \/><\/figure>\n\n\n\n<figure class=\"wp-block-image size-large\"><img decoding=\"async\" loading=\"lazy\" width=\"1024\" height=\"768\" data-id=\"26\"  src=\"http:\/\/ploen.aida-kosmetik.de\/wp-content\/uploads\/2020\/05\/IMG_0252-1024x768.jpg\" alt=\"\" class=\"wp-image-26\" srcset=\"http:\/\/ploen.aida-kosmetik.de\/wp-content\/uploads\/2020\/05\/IMG_0252-1024x768.jpg 1024w, http:\/\/ploen.aida-kosmetik.de\/wp-content\/uploads\/2020\/05\/IMG_0252-300x225.jpg 300w, http:\/\/ploen.aida-kosmetik.de\/wp-content\/uploads\/2020\/05\/IMG_0252-768x576.jpg 768w, http:\/\/ploen.aida-kosmetik.de\/wp-content\/uploads\/2020\/05\/IMG_0252.jpg 2048w\" sizes=\"(max-width: 706px) 89vw, (max-width: 767px) 82vw, 740px\" \/><\/figure>\n\n\n\n<figure class=\"wp-block-image size-large\"><img decoding=\"async\" loading=\"lazy\" width=\"1024\" height=\"768\" data-id=\"32\"  src=\"http:\/\/ploen.aida-kosmetik.de\/wp-content\/uploads\/2020\/05\/IMG_0327-1024x768.jpg\" alt=\"\" class=\"wp-image-32\" srcset=\"http:\/\/ploen.aida-kosmetik.de\/wp-content\/uploads\/2020\/05\/IMG_0327-1024x768.jpg 1024w, http:\/\/ploen.aida-kosmetik.de\/wp-content\/uploads\/2020\/05\/IMG_0327-300x225.jpg 300w, http:\/\/ploen.aida-kosmetik.de\/wp-content\/uploads\/2020\/05\/IMG_0327-768x576.jpg 768w\" sizes=\"(max-width: 706px) 89vw, (max-width: 767px) 82vw, 740px\" \/><\/figure>\n\n\n\n<figure class=\"wp-block-image size-large\"><img decoding=\"async\" loading=\"lazy\" width=\"1024\" height=\"768\" data-id=\"27\"  src=\"http:\/\/ploen.aida-kosmetik.de\/wp-content\/uploads\/2020\/05\/IMG_0260-1024x768.jpg\" alt=\"\" class=\"wp-image-27\" srcset=\"http:\/\/ploen.aida-kosmetik.de\/wp-content\/uploads\/2020\/05\/IMG_0260-1024x768.jpg 1024w, http:\/\/ploen.aida-kosmetik.de\/wp-content\/uploads\/2020\/05\/IMG_0260-300x225.jpg 300w, http:\/\/ploen.aida-kosmetik.de\/wp-content\/uploads\/2020\/05\/IMG_0260-768x576.jpg 768w, http:\/\/ploen.aida-kosmetik.de\/wp-content\/uploads\/2020\/05\/IMG_0260.jpg 2048w\" sizes=\"(max-width: 706px) 89vw, (max-width: 767px) 82vw, 740px\" \/><\/figure>\n\n\n\n<figure class=\"wp-block-image size-large\"><img decoding=\"async\" loading=\"lazy\" width=\"1024\" height=\"768\" data-id=\"37\"  src=\"http:\/\/ploen.aida-kosmetik.de\/wp-content\/uploads\/2020\/05\/IMG_0356-1024x768.jpg\" alt=\"\" class=\"wp-image-37\" srcset=\"http:\/\/ploen.aida-kosmetik.de\/wp-content\/uploads\/2020\/05\/IMG_0356-1024x768.jpg 1024w, http:\/\/ploen.aida-kosmetik.de\/wp-content\/uploads\/2020\/05\/IMG_0356-300x225.jpg 300w, http:\/\/ploen.aida-kosmetik.de\/wp-content\/uploads\/2020\/05\/IMG_0356-768x576.jpg 768w, http:\/\/ploen.aida-kosmetik.de\/wp-content\/uploads\/2020\/05\/IMG_0356.jpg 2048w\" sizes=\"(max-width: 706px) 89vw, (max-width: 767px) 82vw, 740px\" \/><\/figure>\n\n\n\n<figure class=\"wp-block-image size-large\"><img decoding=\"async\" loading=\"lazy\" width=\"1024\" height=\"768\" data-id=\"33\"  src=\"http:\/\/ploen.aida-kosmetik.de\/wp-content\/uploads\/2020\/05\/IMG_0335-1024x768.jpg\" alt=\"\" class=\"wp-image-33\" srcset=\"http:\/\/ploen.aida-kosmetik.de\/wp-content\/uploads\/2020\/05\/IMG_0335-1024x768.jpg 1024w, http:\/\/ploen.aida-kosmetik.de\/wp-content\/uploads\/2020\/05\/IMG_0335-300x225.jpg 300w, http:\/\/ploen.aida-kosmetik.de\/wp-content\/uploads\/2020\/05\/IMG_0335-768x576.jpg 768w\" sizes=\"(max-width: 706px) 89vw, (max-width: 767px) 82vw, 740px\" \/><\/figure>\n\n\n\n<figure class=\"wp-block-image size-large\"><img decoding=\"async\" loading=\"lazy\" width=\"1024\" height=\"768\" data-id=\"34\"  src=\"http:\/\/ploen.aida-kosmetik.de\/wp-content\/uploads\/2020\/05\/IMG_0350-1024x768.jpg\" alt=\"\" class=\"wp-image-34\" srcset=\"http:\/\/ploen.aida-kosmetik.de\/wp-content\/uploads\/2020\/05\/IMG_0350-1024x768.jpg 1024w, http:\/\/ploen.aida-kosmetik.de\/wp-content\/uploads\/2020\/05\/IMG_0350-300x225.jpg 300w, http:\/\/ploen.aida-kosmetik.de\/wp-content\/uploads\/2020\/05\/IMG_0350-768x576.jpg 768w, http:\/\/ploen.aida-kosmetik.de\/wp-content\/uploads\/2020\/05\/IMG_0350.jpg 2048w\" sizes=\"(max-width: 706px) 89vw, (max-width: 767px) 82vw, 740px\" \/><\/figure>\n\n\n\n<figure class=\"wp-block-image size-large\"><img decoding=\"async\" loading=\"lazy\" width=\"1024\" height=\"768\" data-id=\"35\"  src=\"http:\/\/ploen.aida-kosmetik.de\/wp-content\/uploads\/2020\/05\/IMG_0352-1024x768.jpg\" alt=\"\" class=\"wp-image-35\" srcset=\"http:\/\/ploen.aida-kosmetik.de\/wp-content\/uploads\/2020\/05\/IMG_0352-1024x768.jpg 1024w, http:\/\/ploen.aida-kosmetik.de\/wp-content\/uploads\/2020\/05\/IMG_0352-300x225.jpg 300w, http:\/\/ploen.aida-kosmetik.de\/wp-content\/uploads\/2020\/05\/IMG_0352-768x576.jpg 768w, http:\/\/ploen.aida-kosmetik.de\/wp-content\/uploads\/2020\/05\/IMG_0352.jpg 2048w\" sizes=\"(max-width: 706px) 89vw, (max-width: 767px) 82vw, 740px\" \/><\/figure>\n<\/figure>\n\n\n\n<hr class=\"wp-block-separator has-css-opacity is-style-wide\"\/>\n\n\n\n<div style=\"height:50px\" aria-hidden=\"true\" class=\"wp-block-spacer\"><\/div>\n\n\n\n<figure class=\"wp-block-image size-large\"><a href=\"http:\/\/ploen.aida-kosmetik.de\/wp-content\/uploads\/2024\/07\/Preisliste_Aida_2024.pdf\"><img decoding=\"async\" loading=\"lazy\" width=\"1024\" height=\"576\" src=\"http:\/\/ploen.aida-kosmetik.de\/wp-content\/uploads\/2022\/02\/Titel_Preisliste-1024x576.jpg\" alt=\"\" class=\"wp-image-91\" srcset=\"http:\/\/ploen.aida-kosmetik.de\/wp-content\/uploads\/2022\/02\/Titel_Preisliste-1024x576.jpg 1024w, http:\/\/ploen.aida-kosmetik.de\/wp-content\/uploads\/2022\/02\/Titel_Preisliste-300x169.jpg 300w, http:\/\/ploen.aida-kosmetik.de\/wp-content\/uploads\/2022\/02\/Titel_Preisliste-768x432.jpg 768w, http:\/\/ploen.aida-kosmetik.de\/wp-content\/uploads\/2022\/02\/Titel_Preisliste-1536x864.jpg 1536w, http:\/\/ploen.aida-kosmetik.de\/wp-content\/uploads\/2022\/02\/Titel_Preisliste.jpg 1920w\" sizes=\"(max-width: 706px) 89vw, (max-width: 767px) 82vw, 740px\" \/><\/a><\/figure>\n\n\n\n<div class=\"wp-block-file aligncenter\"><object class=\"wp-block-file__embed\" data=\"http:\/\/ploen.aida-kosmetik.de\/wp-content\/uploads\/2026\/02\/Preisliste_Aida_2026.pdf\" type=\"application\/pdf\" style=\"width:100%;height:600px\" aria-label=\"Einbettung von Preisliste_Aida_2026.\"><\/object><a id=\"wp-block-file--media-15983918-635e-4da9-9b42-c1a7fbdb3910\" href=\"http:\/\/ploen.aida-kosmetik.de\/wp-content\/uploads\/2026\/02\/Preisliste_Aida_2026.pdf\">Preisliste_Aida_2026<\/a><a href=\"http:\/\/ploen.aida-kosmetik.de\/wp-content\/uploads\/2026\/02\/Preisliste_Aida_2026.pdf\" class=\"wp-block-file__button wp-element-button\" download aria-describedby=\"wp-block-file--media-15983918-635e-4da9-9b42-c1a7fbdb3910\">Herunterladen<\/a><\/div>\n\n\n\n<hr class=\"wp-block-separator has-css-opacity is-style-wide\"\/>\n\n\n\n<div style=\"height:50px\" aria-hidden=\"true\" class=\"wp-block-spacer\"><\/div>\n\n\n\n<p><strong>Sind Sie interessiert? Dann nehmen Sie Kontakt zu uns auf:<\/strong><\/p>\n\n\n<div role=\"form\" class=\"wpcf7\" id=\"wpcf7-f48-o1\" lang=\"de-DE\" dir=\"ltr\">\n<div class=\"screen-reader-response\"><p role=\"status\" aria-live=\"polite\" aria-atomic=\"true\"><\/p> <ul><\/ul><\/div>\n<form action=\"\/index.php?rest_route=%2Fwp%2Fv2%2Fpages%2F86#wpcf7-f48-o1\" method=\"post\" class=\"wpcf7-form init\" novalidate=\"novalidate\" data-status=\"init\">\n<div style=\"display: none;\">\n<input type=\"hidden\" name=\"_wpcf7\" value=\"48\" \/>\n<input type=\"hidden\" name=\"_wpcf7_version\" value=\"5.6.4\" \/>\n<input type=\"hidden\" name=\"_wpcf7_locale\" value=\"de_DE\" \/>\n<input type=\"hidden\" name=\"_wpcf7_unit_tag\" value=\"wpcf7-f48-o1\" \/>\n<input type=\"hidden\" name=\"_wpcf7_container_post\" value=\"0\" \/>\n<input type=\"hidden\" name=\"_wpcf7_posted_data_hash\" value=\"\" \/>\n<\/div>\n<p><label> Dein Name (Pflichtfeld)<br \/>\n    <span class=\"wpcf7-form-control-wrap\" data-name=\"your-name\"><input type=\"text\" name=\"your-name\" value=\"\" size=\"40\" class=\"wpcf7-form-control wpcf7-text wpcf7-validates-as-required\" aria-required=\"true\" aria-invalid=\"false\" \/><\/span> <\/label><\/p>\n<p><label> Deine E-Mail-Adresse (Pflichtfeld)<br \/>\n    <span class=\"wpcf7-form-control-wrap\" data-name=\"your-email\"><input type=\"email\" name=\"your-email\" value=\"\" size=\"40\" class=\"wpcf7-form-control wpcf7-text wpcf7-email wpcf7-validates-as-required wpcf7-validates-as-email\" aria-required=\"true\" aria-invalid=\"false\" \/><\/span> <\/label><\/p>\n<p><label> Betreff<br \/>\n    <span class=\"wpcf7-form-control-wrap\" data-name=\"your-subject\"><input type=\"text\" name=\"your-subject\" value=\"\" size=\"40\" class=\"wpcf7-form-control wpcf7-text\" aria-invalid=\"false\" \/><\/span> <\/label><\/p>\n<p><label> Deine Nachricht<br \/>\n    <span class=\"wpcf7-form-control-wrap\" data-name=\"your-message\"><textarea name=\"your-message\" cols=\"40\" rows=\"10\" class=\"wpcf7-form-control wpcf7-textarea\" aria-invalid=\"false\"><\/textarea><\/span> <\/label><\/p>\n<p><input type=\"submit\" value=\"Senden\" class=\"wpcf7-form-control has-spinner wpcf7-submit\" \/><\/p>\n<p style=\"display: none !important;\" class=\"akismet-fields-container\" data-prefix=\"_wpcf7_ak_\"><label>&#916;<textarea name=\"_wpcf7_ak_hp_textarea\" cols=\"45\" rows=\"8\" maxlength=\"100\"><\/textarea><\/label><input type=\"hidden\" id=\"ak_js_1\" name=\"_wpcf7_ak_js\" value=\"182\"\/><script>\ndocument.getElementById( \"ak_js_1\" ).setAttribute( \"value\", ( new Date() ).getTime() );\n<\/script>\n<\/p><div class=\"wpcf7-response-output\" aria-hidden=\"true\"><\/div><\/form><\/div>\n\n\n\n<hr class=\"wp-block-separator has-css-opacity is-style-wide\"\/>\n\n\n\n<div style=\"height:50px\" aria-hidden=\"true\" class=\"wp-block-spacer\"><\/div>\n\n\n\n<p><strong>Impressum<\/strong><\/p>\n\n\n\n<p>AIDA KOSMETIK &amp; MED. FUSSPFLEGE<\/p>\n\n\n\n<p>Inhaber: Manuela-Aida Sandhof und Marcel Sandhof<\/p>\n\n\n\n<p>Lange Stra\u00dfe 51<br>24306 Pl\u00f6n<br>Deutschland<\/p>\n\n\n\n<p>Telefon: 04522\/2060<\/p>\n\n\n\n<p>Mail: m.sandhof@t-online.de<\/p>\n\n\n\n<p>Steuer-Identifikationsnummer: 26 \/ 173 \/ 00334<\/p>\n\n\n\n<p>Kleinunternehmer gem\u00e4\u00df \u00a7 19 UStG<\/p>\n\n\n\n<p>Die Europ\u00e4ische Kommission stellt eine Plattform zur Online-Streitbeilegung (OS) bereit, die Sie hier finden&nbsp;<a href=\"https:\/\/ec.europa.eu\/consumers\/odr\/\" target=\"_blank\" rel=\"noreferrer noopener\">https:\/\/ec.europa.eu\/consumers\/odr\/<\/a>. Zur Teilnahme an einem Streitbeilegungsverfahren vor einer Verbraucherschlichtungsstelle sind wir nicht verpflichtet und nicht bereit.<\/p>\n","protected":false},"excerpt":{"rendered":"<p>Die Aida Kosmetik wurde 1998 gegr\u00fcndet. Durch Ihre Nat\u00fcrlichkeit, F\u00fcrsorge und&nbsp;Freundlichkeit sind sie bei Ihren Kunden&nbsp;sehr beliebt und sie wissen ihre professionelle Arbeit zu sch\u00e4tzen. Manuela Aida Sandhof&nbsp;ist ausgebildete Visagistin und Fachkosmetikerin.Ihr Ehemann Marcel Sandhof ist&nbsp;ausgebildeter Med. Fu\u00dfpfleger. Sind Sie interessiert? Dann nehmen Sie Kontakt zu uns auf: Impressum AIDA KOSMETIK &amp; MED. FUSSPFLEGE Inhaber: &hellip; <\/p>\n<p class=\"link-more\"><a href=\"http:\/\/ploen.aida-kosmetik.de\/\" class=\"more-link\"><span class=\"screen-reader-text\">\u201eWillkommen bei Aida Kosmetik &#038; Med. Fu\u00dfpflege\u201c<\/span> weiterlesen<\/a><\/p>\n","protected":false},"author":1,"featured_media":0,"parent":0,"menu_order":1,"comment_status":"closed","ping_status":"closed","template":"","meta":[],"_links":{"self":[{"href":"http:\/\/ploen.aida-kosmetik.de\/index.php?rest_route=\/wp\/v2\/pages\/86"}],"collection":[{"href":"http:\/\/ploen.aida-kosmetik.de\/index.php?rest_route=\/wp\/v2\/pages"}],"about":[{"href":"http:\/\/ploen.aida-kosmetik.de\/index.php?rest_route=\/wp\/v2\/types\/page"}],"author":[{"embeddable":true,"href":"http:\/\/ploen.aida-kosmetik.de\/index.php?rest_route=\/wp\/v2\/users\/1"}],"replies":[{"embeddable":true,"href":"http:\/\/ploen.aida-kosmetik.de\/index.php?rest_route=%2Fwp%2Fv2%2Fcomments&post=86"}],"version-history":[{"count":17,"href":"http:\/\/ploen.aida-kosmetik.de\/index.php?rest_route=\/wp\/v2\/pages\/86\/revisions"}],"predecessor-version":[{"id":126,"href":"http:\/\/ploen.aida-kosmetik.de\/index.php?rest_route=\/wp\/v2\/pages\/86\/revisions\/126"}],"wp:attachment":[{"href":"http:\/\/ploen.aida-kosmetik.de\/index.php?rest_route=%2Fwp%2Fv2%2Fmedia&parent=86"}],"curies":[{"name":"wp","href":"https:\/\/api.w.org\/{rel}","templated":true}]}}